{"id":3886,"date":"2023-08-24T03:24:09","date_gmt":"2023-08-24T03:24:09","guid":{"rendered":"http:\/\/localhost\/dlearwp\/?page_id=3886"},"modified":"2023-08-24T03:24:09","modified_gmt":"2023-08-24T03:24:09","slug":"blog-list","status":"publish","type":"page","link":"https:\/\/adams.edu.pl\/en\/blog-list\/","title":{"rendered":"Blog List"},"content":{"rendered":"<div data-elementor-type=\"wp-page\" data-elementor-id=\"3886\" class=\"elementor elementor-3886\">\n\t\t\t\t\t\t<section class=\"elementor-section elementor-top-section elementor-element elementor-element-79d77e1 elementor-section-stretched elementor-section-boxed elementor-section-height-default elementor-section-height-default\" data-id=\"79d77e1\" data-element_type=\"section\" data-e-type=\"section\" data-settings=\"{&quot;stretch_section&quot;:&quot;section-stretched&quot;}\">\n\t\t\t\t\t\t<div class=\"elementor-container elementor-column-gap-default\">\n\t\t\t\t\t<div class=\"elementor-column elementor-col-100 elementor-top-column elementor-element elementor-element-a9ddfb6\" data-id=\"a9ddfb6\" data-element_type=\"column\" data-e-type=\"column\">\n\t\t\t<div class=\"elementor-widget-wrap elementor-element-populated\">\n\t\t\t\t\t\t<div class=\"elementor-element elementor-element-3a74015 elementor-widget elementor-widget-back_blog_grid\" data-id=\"3a74015\" data-element_type=\"widget\" data-e-type=\"widget\" data-widget_type=\"back_blog_grid.default\">\n\t\t\t\t<div class=\"elementor-widget-container\">\n\t\t\t\t\t\t\t\t<div class=\"back-post-grid-elementor\">\r\n\t\t\t\t<div class=\"row\">\r\n\t\t\t\t \t    \t\t                <div class=\"col-lg-6 col-md-12\">\r\n                            <div class=\"back-post-elementor-wrap back-post-list\">\r\n                                                                    <div class=\"back-post-image\">\r\n                                        <a href=\"https:\/\/adams.edu.pl\/en\/komunikacja-na-anglojezycznych-konferencjach-medycznych-lekcja-pilotazowa\/\">\r\n                                            <img fetchpriority=\"high\" decoding=\"async\" width=\"520\" height=\"531\" src=\"https:\/\/adams.edu.pl\/wp-content\/uploads\/2026\/02\/fb_konferencjemedyczne_zdjecie-520x531.png\" class=\"attachment-dlear_portfolio-slider size-dlear_portfolio-slider wp-post-image\" alt=\"\" \/>                                        <\/a>\r\n                                    <\/div>                           \r\n                                                                <div class=\"back-post-content-wrap\">\r\n                                    <div class=\"back-post-date\">\r\n                                        <i class=\"ri-calendar-line\"><\/i>  \r\n                                        February 9, 2026                                    <\/div>\r\n                            \r\n                                    <h3>\r\n                                        <a href=\"https:\/\/adams.edu.pl\/en\/komunikacja-na-anglojezycznych-konferencjach-medycznych-lekcja-pilotazowa\/\">Komunikacja na angloj\u0119zycznych konferencjach medycznych<\/a>\r\n                                    <\/h3>\r\n                                                                            <div class=\"back-post-excerpt\">Zapraszamy na lekcj\u0119 pilota\u017cow\u0105 - komunikacja na angloj\u0119zycznych...<\/div>\r\n                                                                        <ul class=\"back-post-meta\">                              \r\n                                                                                    <li> \r\n                                                <i class=\"ri-user-3-line\"><\/i> \r\n                                                adams-admin                                            <\/li>\r\n                                                                                    \r\n                                        <li>\r\n                                            <i class=\"ri-chat-4-line\"><\/i> 0                                            Comments                                        <\/li>                                \r\n                                    <\/ul>\r\n\t\t\t\t\t           <\/div>\r\n                            <\/div>\r\n                        <\/div>\r\n\t\t\t\t\t\t\t\t                <div class=\"col-lg-6 col-md-12\">\r\n                            <div class=\"back-post-elementor-wrap back-post-list\">\r\n                                                                    <div class=\"back-post-image\">\r\n                                        <a href=\"https:\/\/adams.edu.pl\/en\/nowe-kursy-na-rok-2026\/\">\r\n                                            <img decoding=\"async\" width=\"520\" height=\"430\" src=\"https:\/\/adams.edu.pl\/wp-content\/uploads\/2025\/12\/kursy_Nowy-rok-520x430.png\" class=\"attachment-dlear_portfolio-slider size-dlear_portfolio-slider wp-post-image\" alt=\"\" srcset=\"https:\/\/adams.edu.pl\/wp-content\/uploads\/2025\/12\/kursy_Nowy-rok-520x430.png 520w, https:\/\/adams.edu.pl\/wp-content\/uploads\/2025\/12\/kursy_Nowy-rok-16x12.png 16w\" sizes=\"(max-width: 520px) 100vw, 520px\" \/>                                        <\/a>\r\n                                    <\/div>                           \r\n                                                                <div class=\"back-post-content-wrap\">\r\n                                    <div class=\"back-post-date\">\r\n                                        <i class=\"ri-calendar-line\"><\/i>  \r\n                                        December 18, 2025                                    <\/div>\r\n                            \r\n                                    <h3>\r\n                                        <a href=\"https:\/\/adams.edu.pl\/en\/nowe-kursy-na-rok-2026\/\">Nowe kursy na rok 2026<\/a>\r\n                                    <\/h3>\r\n                                                                            <div class=\"back-post-excerpt\">Drodzy Kursanci, Rozpoczynamy zapisy na kursy j\u0119zykowe na...<\/div>\r\n                                                                        <ul class=\"back-post-meta\">                              \r\n                                                                                    <li> \r\n                                                <i class=\"ri-user-3-line\"><\/i> \r\n                                                adams-admin                                            <\/li>\r\n                                                                                    \r\n                                        <li>\r\n                                            <i class=\"ri-chat-4-line\"><\/i> 0                                            Comments                                        <\/li>                                \r\n                                    <\/ul>\r\n\t\t\t\t\t           <\/div>\r\n                            <\/div>\r\n                        <\/div>\r\n\t\t\t\t\t\t\t\t                <div class=\"col-lg-6 col-md-12\">\r\n                            <div class=\"back-post-elementor-wrap back-post-list\">\r\n                                                                    <div class=\"back-post-image\">\r\n                                        <a href=\"https:\/\/adams.edu.pl\/en\/przerwa-swiateczna\/\">\r\n                                            <img decoding=\"async\" width=\"520\" height=\"640\" src=\"https:\/\/adams.edu.pl\/wp-content\/uploads\/2025\/12\/IMG_20251215_164552651_HDR-520x640.jpg\" class=\"attachment-dlear_portfolio-slider size-dlear_portfolio-slider wp-post-image\" alt=\"\" \/>                                        <\/a>\r\n                                    <\/div>                           \r\n                                                                <div class=\"back-post-content-wrap\">\r\n                                    <div class=\"back-post-date\">\r\n                                        <i class=\"ri-calendar-line\"><\/i>  \r\n                                        December 18, 2025                                    <\/div>\r\n                            \r\n                                    <h3>\r\n                                        <a href=\"https:\/\/adams.edu.pl\/en\/przerwa-swiateczna\/\">Przerwa \u015bwi\u0105teczna<\/a>\r\n                                    <\/h3>\r\n                                                                            <div class=\"back-post-excerpt\">Drodzy Kursanci, Z rado\u015bci\u0105 informujemy, \u017ce nasze biuro...<\/div>\r\n                                                                        <ul class=\"back-post-meta\">                              \r\n                                                                                    <li> \r\n                                                <i class=\"ri-user-3-line\"><\/i> \r\n                                                adams-admin                                            <\/li>\r\n                                                                                    \r\n                                        <li>\r\n                                            <i class=\"ri-chat-4-line\"><\/i> 0                                            Comments                                        <\/li>                                \r\n                                    <\/ul>\r\n\t\t\t\t\t           <\/div>\r\n                            <\/div>\r\n                        <\/div>\r\n\t\t\t\t\t\t\t\t                <div class=\"col-lg-6 col-md-12\">\r\n                            <div class=\"back-post-elementor-wrap back-post-list\">\r\n                                                                    <div class=\"back-post-image\">\r\n                                        <a href=\"https:\/\/adams.edu.pl\/en\/wesolych-swiat%f0%9f%8e%84\/\">\r\n                                            <img loading=\"lazy\" decoding=\"async\" width=\"520\" height=\"640\" src=\"https:\/\/adams.edu.pl\/wp-content\/uploads\/2025\/12\/obrazek-wyrozniajacy_2-520x640.png\" class=\"attachment-dlear_portfolio-slider size-dlear_portfolio-slider wp-post-image\" alt=\"\" \/>                                        <\/a>\r\n                                    <\/div>                           \r\n                                                                <div class=\"back-post-content-wrap\">\r\n                                    <div class=\"back-post-date\">\r\n                                        <i class=\"ri-calendar-line\"><\/i>  \r\n                                        December 18, 2025                                    <\/div>\r\n                            \r\n                                    <h3>\r\n                                        <a href=\"https:\/\/adams.edu.pl\/en\/wesolych-swiat%f0%9f%8e%84\/\">Weso\u0142ych \u015awi\u0105t!\ud83c\udf84<\/a>\r\n                                    <\/h3>\r\n                                                                            <div class=\"back-post-excerpt\"><\/div>\r\n                                                                        <ul class=\"back-post-meta\">                              \r\n                                                                                    <li> \r\n                                                <i class=\"ri-user-3-line\"><\/i> \r\n                                                adams-admin                                            <\/li>\r\n                                                                                    \r\n                                        <li>\r\n                                            <i class=\"ri-chat-4-line\"><\/i> 0                                            Comments                                        <\/li>                                \r\n                                    <\/ul>\r\n\t\t\t\t\t           <\/div>\r\n                            <\/div>\r\n                        <\/div>\r\n\t\t\t\t\t\t\t\t                <div class=\"col-lg-6 col-md-12\">\r\n                            <div class=\"back-post-elementor-wrap back-post-list\">\r\n                                                                    <div class=\"back-post-image\">\r\n                                        <a href=\"https:\/\/adams.edu.pl\/en\/intensywny-kurs-przygotowujacy-do-egzaminu-panstwowego-b1-b2-z-jezyka-polskiego\/\">\r\n                                            <img loading=\"lazy\" decoding=\"async\" width=\"520\" height=\"640\" src=\"https:\/\/adams.edu.pl\/wp-content\/uploads\/2025\/11\/ChatGPT-Image-17-wrz-2025-14_41_29-520x640.jpg\" class=\"attachment-dlear_portfolio-slider size-dlear_portfolio-slider wp-post-image\" alt=\"\" \/>                                        <\/a>\r\n                                    <\/div>                           \r\n                                                                <div class=\"back-post-content-wrap\">\r\n                                    <div class=\"back-post-date\">\r\n                                        <i class=\"ri-calendar-line\"><\/i>  \r\n                                        November 18, 2025                                    <\/div>\r\n                            \r\n                                    <h3>\r\n                                        <a href=\"https:\/\/adams.edu.pl\/en\/intensywny-kurs-przygotowujacy-do-egzaminu-panstwowego-b1-b2-z-jezyka-polskiego\/\">Intensywny kurs przygotowuj\u0105cy do egzaminu<\/a>\r\n                                    <\/h3>\r\n                                                                            <div class=\"back-post-excerpt\">Intensywny kurs przygotowuj\u0105cy do egzaminu pa\u0144stwowego B1\/B2 \u2013...<\/div>\r\n                                                                        <ul class=\"back-post-meta\">                              \r\n                                                                                    <li> \r\n                                                <i class=\"ri-user-3-line\"><\/i> \r\n                                                adams-admin                                            <\/li>\r\n                                                                                    \r\n                                        <li>\r\n                                            <i class=\"ri-chat-4-line\"><\/i> 0                                            Comments                                        <\/li>                                \r\n                                    <\/ul>\r\n\t\t\t\t\t           <\/div>\r\n                            <\/div>\r\n                        <\/div>\r\n\t\t\t\t\t\t\t\t                <div class=\"col-lg-6 col-md-12\">\r\n                            <div class=\"back-post-elementor-wrap back-post-list\">\r\n                                                                    <div class=\"back-post-image\">\r\n                                        <a href=\"https:\/\/adams.edu.pl\/en\/voucher-na-kurs-jezykowy-podaruj-radosc-nauki\/\">\r\n                                            <img loading=\"lazy\" decoding=\"async\" width=\"520\" height=\"351\" src=\"https:\/\/adams.edu.pl\/wp-content\/uploads\/2025\/11\/574575882_853602207014036_7418428244222675447_n.jpg\" class=\"attachment-dlear_portfolio-slider size-dlear_portfolio-slider wp-post-image\" alt=\"\" srcset=\"https:\/\/adams.edu.pl\/wp-content\/uploads\/2025\/11\/574575882_853602207014036_7418428244222675447_n.jpg 521w, https:\/\/adams.edu.pl\/wp-content\/uploads\/2025\/11\/574575882_853602207014036_7418428244222675447_n-300x203.jpg 300w, https:\/\/adams.edu.pl\/wp-content\/uploads\/2025\/11\/574575882_853602207014036_7418428244222675447_n-18x12.jpg 18w\" sizes=\"(max-width: 520px) 100vw, 520px\" \/>                                        <\/a>\r\n                                    <\/div>                           \r\n                                                                <div class=\"back-post-content-wrap\">\r\n                                    <div class=\"back-post-date\">\r\n                                        <i class=\"ri-calendar-line\"><\/i>  \r\n                                        November 18, 2025                                    <\/div>\r\n                            \r\n                                    <h3>\r\n                                        <a href=\"https:\/\/adams.edu.pl\/en\/voucher-na-kurs-jezykowy-podaruj-radosc-nauki\/\">Voucher na kurs j\u0119zykowy &#8211;<\/a>\r\n                                    <\/h3>\r\n                                                                            <div class=\"back-post-excerpt\">Szukasz prezentu na Miko\u0142ajki lub pod Choink\u0119? Podaruj...<\/div>\r\n                                                                        <ul class=\"back-post-meta\">                              \r\n                                                                                    <li> \r\n                                                <i class=\"ri-user-3-line\"><\/i> \r\n                                                adams-admin                                            <\/li>\r\n                                                                                    \r\n                                        <li>\r\n                                            <i class=\"ri-chat-4-line\"><\/i> 0                                            Comments                                        <\/li>                                \r\n                                    <\/ul>\r\n\t\t\t\t\t           <\/div>\r\n                            <\/div>\r\n                        <\/div>\r\n\t\t\t\t\t\t\t\t\t\t    <\/div>\r\n                <\/div>\r\n\r\n\t\t\t\t        \t\t\t\t<\/div>\n\t\t\t\t<\/div>\n\t\t\t\t\t<\/div>\n\t\t<\/div>\n\t\t\t\t\t<\/div>\n\t\t<\/section>\n\t\t\t\t<\/div>","protected":false},"excerpt":{"rendered":"<p>August 24, 2023 Emotional Intelligence in Education Building Proin faucibus nec mauris a sodales, sed elementum&#8230; Back Theme 0 Comments&#8230;<\/p>","protected":false},"author":1,"featured_media":0,"parent":0,"menu_order":0,"comment_status":"closed","ping_status":"closed","template":"elementor_header_footer","meta":{"inline_featured_image":false,"footnotes":""},"class_list":["post-3886","page","type-page","status-publish","hentry"],"_links":{"self":[{"href":"https:\/\/adams.edu.pl\/en\/wp-json\/wp\/v2\/pages\/3886","targetHints":{"allow":["GET"]}}],"collection":[{"href":"https:\/\/adams.edu.pl\/en\/wp-json\/wp\/v2\/pages"}],"about":[{"href":"https:\/\/adams.edu.pl\/en\/wp-json\/wp\/v2\/types\/page"}],"author":[{"embeddable":true,"href":"https:\/\/adams.edu.pl\/en\/wp-json\/wp\/v2\/users\/1"}],"replies":[{"embeddable":true,"href":"https:\/\/adams.edu.pl\/en\/wp-json\/wp\/v2\/comments?post=3886"}],"version-history":[{"count":0,"href":"https:\/\/adams.edu.pl\/en\/wp-json\/wp\/v2\/pages\/3886\/revisions"}],"wp:attachment":[{"href":"https:\/\/adams.edu.pl\/en\/wp-json\/wp\/v2\/media?parent=3886"}],"curies":[{"name":"wp","href":"https:\/\/api.w.org\/{rel}","templated":true}]}}